{"id":598,"date":"2015-05-03T10:31:02","date_gmt":"2015-05-03T08:31:02","guid":{"rendered":"http:\/\/www.mobilnisvetsro.cz\/home\/?page_id=598"},"modified":"2025-01-25T14:58:18","modified_gmt":"2025-01-25T12:58:18","slug":"obchodni-podminky","status":"publish","type":"page","link":"https:\/\/www.mobilnisvetsro.cz\/home\/obchodni-podminky\/","title":{"rendered":"Obchodn\u00ed podm\u00ednky"},"content":{"rendered":"\n<p class=\"wp-block-paragraph\"><strong>Mobiln\u00ed sv\u011bt s.r.o.<\/strong><\/p>\n\n\n\n<p class=\"has-medium-font-size wp-block-paragraph\"><strong>Provozovna: Chel\u010dick\u00e9ho 328\/18<\/strong>,<strong>50002 Hradec Kr\u00e1lov\u00e9, I\u010c: 25992724<\/strong><br>zaps\u00e1n v OR veden\u00e9m Krajsk\u00fdm soudem v Hradci Kr\u00e1lov\u00e9, odd\u00edl C, vlo\u017eka 18847, s\u00eddlo spole\u010dnosti: Hradec Kr\u00e1lov\u00e9 50003, Lu\u010dn\u00ed 454\/4\u00a0<\/p>\n\n\n\n<p class=\"wp-block-paragraph\">Upozor\u0148ujeme, \u017ee nejsme e-shop, zbo\u017e\u00ed \u010di d\u00edly si lze vyzvednout pouze na prodejn\u011b.<\/p>\n\n\n\n<p class=\"wp-block-paragraph\"><strong><u>Obchodn\u00ed podm\u00ednky 2502<\/u><\/strong><\/p>\n\n\n\n<p class=\"wp-block-paragraph\">obchodn\u00ed podm\u00ednky se pln\u011b \u0159\u00edd\u00ed platn\u00fdm zn\u011bn\u00edm ob\u010dansk\u00e9ho z\u00e1kon\u00edku, pokud m\u00e1me uvedeno cokoliv rozd\u00edln\u011b, plat\u00ed to, co je v ob\u010dansk\u00e9m z\u00e1kon\u00edku<\/p>\n\n\n\n<ol start=\"1\" class=\"wp-block-list\">\n<li><strong>\u00davodn\u00ed ustanoven\u00ed<\/strong><\/li>\n<\/ol>\n\n\n\n<p class=\"wp-block-paragraph\"><strong>1.1.<\/strong>&nbsp;Obchodn\u00ed podm\u00ednky servisu Mobiln\u00ed sv\u011bt s.r.o. (d\u00e1le jen \u201eOPS\u201c) se t\u00fdkaj\u00ed v\u0161ech servisn\u00edch smluv spole\u010dnosti Mobiln\u00ed sv\u011bt s.r.o. (d\u00e1le jen \u201ezhotovitel\u201c), na jejich\u017e z\u00e1klad\u011b zhotovitel poskytuje objednateli servisn\u00ed slu\u017ebu, a jsou jejich ned\u00edlnou sou\u010d\u00e1st\u00ed.&nbsp;<strong>Pokud uzav\u0159en\u00e1 servisn\u00ed smlouva obsahuje \u00fapravu odli\u0161nou od \u00fapravy v t\u011bchto OPS, m\u00e1 \u00faprava v servisn\u00ed smlouv\u011b v dan\u00e9m rozsahu p\u0159ednost p\u0159ed \u00fapravou v OPS.<\/strong><\/p>\n\n\n\n<p class=\"wp-block-paragraph\"><strong>1.2.<\/strong>&nbsp;Servisn\u00ed slu\u017ebou ve smyslu t\u011bchto OPS se rozum\u00ed: a) opravy d\u00edl\u016f, stroj\u016f a za\u0159\u00edzen\u00ed v\u010detn\u011b z\u00e1ru\u010dn\u00edch b) \u00fapravy d\u00edl\u016f, stroj\u016f a za\u0159\u00edzen\u00ed c) \u00fadr\u017eba stroj\u016f a za\u0159\u00edzen\u00ed d) mont\u00e1\u017e stroj\u016f a za\u0159\u00edzen\u00ed e) expertn\u00ed slu\u017eby<\/p>\n\n\n\n<p class=\"wp-block-paragraph\"><strong>1.3.<\/strong>&nbsp;Za opravu je pova\u017eov\u00e1na \u010dinnost, kterou se zejm\u00e9na odstra\u0148uj\u00ed vady v\u011bci. Za \u00fapravu se pova\u017euje zm\u011bna vlastnost\u00ed v\u011bci \u010di zm\u011bna povrchu v\u011bci. Expertn\u00edmi slu\u017ebami dle t\u011bchto OPS se rozum\u00ed prov\u00e1d\u011bn\u00ed anal\u00fdz a diagnostiky materi\u00e1l\u016f, d\u00edl\u016f, stroj\u016f a za\u0159\u00edzen\u00ed a znaleck\u00e9 posudky.<\/p>\n\n\n\n<p class=\"wp-block-paragraph\"><strong>1.4.<\/strong>&nbsp;Pokud nen\u00ed ze strany objednatele servisn\u00ed slu\u017eba specifikov\u00e1na, bude p\u0159edm\u011btem servisn\u00ed slu\u017eby obnova \u010dinnosti p\u0159\u00edstroje \u010di za\u0159\u00edzen\u00ed, a to v rozsahu dle uv\u00e1\u017een\u00ed zhotovitele.<\/p>\n\n\n\n<ol start=\"2\" class=\"wp-block-list\">\n<li><strong>Vznik smluvn\u00edho vztahu<\/strong><\/li>\n<\/ol>\n\n\n\n<p class=\"wp-block-paragraph\"><strong>2.1.<\/strong>&nbsp;Smluvn\u00ed vztah mezi zhotovitelem a objednatelem, jeho\u017e p\u0159edm\u011btem je servisn\u00ed slu\u017eba, (d\u00e1le jen \u201esmlouva\u201c) lze uzav\u0159\u00edt: a) p\u00edsemn\u011b a to podpisem dokladu o p\u0159ijet\u00ed za\u0159\u00edzen\u00ed k proveden\u00ed servisn\u00ed slu\u017eby (dokument s n\u00e1zvem \u201epotvrzen\u00ed o p\u0159ijet\u00ed zak\u00e1zky\u201c) objednatelem a zhotovitelem, nen\u00ed-li ve smlouv\u011b stanoveno jinak, nebo b) zad\u00e1n\u00edm opravy do na\u0161eho online syst\u00e9mu na na\u0161em ofici\u00e1ln\u00edm webu&nbsp;<a href=\"http:\/\/www.mobilnisvetsro.cz\/\">www.mobilnisvetsro.cz<\/a>&nbsp;a odesl\u00e1n\u00ed za\u0159\u00edzen\u00ed objednatelem p\u0159\u00edslu\u0161nou doru\u010dovac\u00ed firmou<\/p>\n\n\n\n<p class=\"wp-block-paragraph\"><strong>2.2.<\/strong>&nbsp;Za uzav\u0159en\u00ed \u00fastn\u00ed Smlouvy se pova\u017euje p\u0159ed\u00e1n\u00ed za\u0159\u00edzen\u00ed t\u0159et\u00ed osob\u011b k p\u0159eprav\u011b za \u00fa\u010delem proveden\u00ed servisn\u00ed slu\u017eby zhotovitelem dle \u010dl. 10.1 t\u011bchto OPS. Smlouva je v tomto p\u0159\u00edpad\u011b uzav\u0159ena okam\u017eikem fyzick\u00e9ho p\u0159ijet\u00ed za\u0159\u00edzen\u00ed zhotovitelem k proveden\u00ed servisn\u00ed slu\u017eby od t\u0159et\u00ed osoby. Za p\u0159ed\u00e1n\u00ed za\u0159\u00edzen\u00ed t\u0159et\u00ed osob\u011b k p\u0159eprav\u011b za \u00fa\u010delem proveden\u00ed servisn\u00ed slu\u017eby se rozum\u00ed zejm\u00e9na zasl\u00e1n\u00ed za\u0159\u00edzen\u00ed k oprav\u011b prost\u0159ednictv\u00edm p\u0159epravn\u00ed slu\u017eby nebo dr\u017eitele po\u0161tovn\u00ed licence, kde objednatel vyjad\u0159uje svou v\u016fli k uzav\u0159en\u00ed Smlouvy vypln\u011bn\u00fdm webov\u00fdm formul\u00e1\u0159em \u201eZadan\u00ed opravy\u201c.&nbsp;<strong>Podpis Smlouvy a t\u00edm i souhlas s jej\u00edm uzav\u0159en\u00edm na stran\u011b objednatele pak<\/strong>&nbsp;<strong>nahrazuje bu\u010fto podpis objednatele v pr\u016fvodn\u00edm dopise p\u0159ilo\u017een\u00e9m k zaslan\u00e9mu za\u0159\u00edzen\u00ed<\/strong>&nbsp;<strong>anebo vyj\u00e1d\u0159en\u00ed souhlasu s OPS, kter\u00e9 je ned\u00edlnou sou\u010d\u00e1st\u00ed webov\u00e9ho formul\u00e1\u0159e \u201eZad\u00e1n\u00ed<\/strong>&nbsp;<strong>opravy\u201c a jeho odesl\u00e1n\u00ed prost\u0159ednictv\u00edm e-mailu zhotoviteli.<\/strong>&nbsp;Vypln\u011bn\u00ed formul\u00e1\u0159e \u201eObjedn\u00e1vka opravy\u201c a jeho odesl\u00e1n\u00ed zhotoviteli jak\u00fdmkoli zp\u016fsobem je pova\u017eov\u00e1no z pr\u00e1vn\u00edho hlediska za platnou Smlouvu uzav\u0159enou ve smyslu Ob\u010dansk\u00e9ho z\u00e1kon\u00edku.<\/p>\n\n\n\n<p class=\"wp-block-paragraph\"><strong>2.3.<\/strong>&nbsp;Objednatel se p\u0159ed\u00e1n\u00edm za\u0159\u00edzen\u00ed k servisn\u00ed slu\u017eb\u011b a uzav\u0159en\u00edm Smlouvy svobodn\u011b zavazuje pln\u011b a bez v\u00fdhrad akceptovat tyto OPS zhotovitele a bez n\u00e1mitek na n\u011b p\u0159istupuje. V p\u0159\u00edpad\u011b odesl\u00e1n\u00ed vypln\u011bn\u00e9ho webov\u00e9ho formul\u00e1\u0159e \u201eZad\u00e1n\u00ed opravy\u201c je objednatel na vyj\u00e1d\u0159en\u00ed souhlasu s uzav\u0159en\u00edm Smlouvy p\u0159ed jeho odesl\u00e1n\u00edm upozorn\u011bn t\u00edmto textem: Zasl\u00e1n\u00ed za\u0159\u00edzen\u00ed k oprav\u011b do servisn\u00edho st\u0159ediska je pova\u017eov\u00e1no z pr\u00e1vn\u00edho hlediska za platnou smlouvu uzav\u0159enou ve smyslu Ob\u010dansk\u00e9ho z\u00e1kon\u00edku. Ned\u00edlnou sou\u010d\u00e1st\u00ed t\u00e9to Smlouvy, uzav\u0159en\u00e9 mezi objednatelem a zhotovitelem, jsou Servisn\u00ed podm\u00ednky zhotovitele. Objednatel prohla\u0161uje, \u017ee se p\u0159ed odesl\u00e1n\u00edm za\u0159\u00edzen\u00ed do servisn\u00edho st\u0159ediska se Servisn\u00edmi podm\u00ednkami zhotovitele sezn\u00e1mil a bez v\u00fdhrad je akceptuje. Servisn\u00ed podm\u00ednky jsou dostupn\u00e9 na adrese&nbsp;<a href=\"http:\/\/www.mobilnisvetsro.cz\/\">www.mobilnisvetsro.cz<\/a><\/p>\n\n\n\n<ol start=\"3\" class=\"wp-block-list\">\n<li><strong>Cena servisn\u00ed slu\u017eby<\/strong><\/li>\n<\/ol>\n\n\n\n<p class=\"wp-block-paragraph\"><strong>3.1.<\/strong>&nbsp;Sou\u010d\u00e1st\u00ed Smlouvy je cena servisn\u00ed slu\u017eby, vych\u00e1zej\u00edc\u00ed z p\u0159edem odsouhlasen\u00e9 ceny objednatelem. Tento souhlas d\u00e1 objednatel je\u0161t\u011b p\u0159edt\u00edm, ne\u017e za\u0159\u00edzen\u00ed ode\u0161le do servisn\u00edho st\u0159ediska. V p\u0159\u00edpad\u011b, \u017ee objednatel po\u0161le za\u0159\u00edzen\u00ed do servisn\u00edho st\u0159ediska, ani\u017e by si nechal ud\u011blat cenov\u00fd n\u00e1vrh a dodate\u010dn\u00fd cenov\u00fd n\u00e1vrh nebude schv\u00e1len\u00fd \u2013 zhotovitel si bude \u00fa\u010dtovat diagnostiku a po\u0161tovn\u00e9 dle aktu\u00e1ln\u00edho cen\u00edku.<\/p>\n\n\n\n<p class=\"wp-block-paragraph\"><strong>3.2.<\/strong>&nbsp;Zhotovitel si vyhrazuje pr\u00e1vo v pr\u016fb\u011bhu realizace servisn\u00edch slu\u017eeb sjednanou cenu i v\u00edcekr\u00e1t zm\u011bnit a to dojde-li v procesu diagnostiky a realizace zak\u00e1zky ke zji\u0161t\u011bn\u00ed d\u0159\u00edve nezn\u00e1m\u00fdch skute\u010dnost\u00ed, kter\u00e9 maj\u00ed vliv na cenu servisn\u00edch su\u017eeb. V\u017edy, kdy\u017e nov\u00e1 cena p\u0159es\u00e1hne posledn\u00ed objednatelem schv\u00e1lenou cenu o v\u00edce ne\u017e 15%, zhotovitel si vy\u017e\u00e1d\u00e1 nov\u00fd souhlas se zm\u011bnou ceny na stran\u011b objednatele.<\/p>\n\n\n\n<p class=\"wp-block-paragraph\"><strong>3.3.<\/strong>&nbsp;Nen\u00ed-li ve Smlouv\u011b dohodnuto jinak, zavazuje se objednatel zaplatit zhotoviteli za servisn\u00ed slu\u017ebu v\u010detn\u011b d\u00edl\u016f dodan\u00fdch p\u0159i servisn\u00ed slu\u017eb\u011b.<\/p>\n\n\n\n<p class=\"wp-block-paragraph\"><strong>3.4.<\/strong>&nbsp;Objednatel je povinen zaplatit zhotoviteli za provedenou servisn\u00ed slu\u017ebu vy\u00fa\u010dtovanou \u010d\u00e1stku, nep\u0159es\u00e1hne-li naposledy sjednanou cenu o v\u00edce ne\u017e 15 %, a to bez povinnosti zhotovitele d\u00e1le \u00fa\u010dtovanou kone\u010dnou cenu se objednatelem konzultovat.<\/p>\n\n\n\n<p class=\"wp-block-paragraph\"><strong>3.5.<\/strong>&nbsp;Zhotovitel se zavazuje p\u0159edlo\u017eit objednateli ke schv\u00e1len\u00ed ceny zak\u00e1zky, vych\u00e1zej\u00edc\u00ed z v\u00fdsledk\u016f odborn\u00e9 diagnostiky objednatelem sd\u011blen\u00fdch z\u00e1vad za\u0159\u00edzen\u00ed. Nen\u00ed v\u0161ak povinnost\u00ed zhotovitele sd\u011blit objednateli zdarma spole\u010dn\u011b s cenovou nab\u00eddkou tak\u00e9 v\u00fd\u010det prac\u00ed a materi\u00e1l\u016f, kter\u00fd povede k oprav\u011b za\u0159\u00edzen\u00ed.<\/p>\n\n\n\n<p class=\"wp-block-paragraph\"><strong>3.6.<\/strong>&nbsp;Jestli\u017ee bude objednatel je\u0161t\u011b p\u0159ed odsouhlasen\u00edm ceny zak\u00e1zky po\u017eadovat po zhotoviteli sd\u011blen\u00ed v\u00fd\u010dtu prac\u00ed a materi\u00e1lu, kter\u00fd povede k oprav\u011b za\u0159\u00edzen\u00ed, pak se jedn\u00e1 o po\u017eadavek na dod\u00e1n\u00ed produktu \u201eexpertn\u00ed slu\u017eby\u201c, zhotovitelem poskytovan\u00e9ho za \u00faplatu. Cena produktu \u201eexpertn\u00ed slu\u017eby\u201c je 500,\u2013 K\u010d v\u010d. DPH. Tato cena bude objednateli, kter\u00fd si produkt \u201eexpertn\u00ed slu\u017eby\u201c vy\u017e\u00e1dal, \u00fa\u010dtov\u00e1na pouze v p\u0159\u00edpad\u011b n\u00e1sledn\u00e9ho odm\u00edtnut\u00ed realizace zak\u00e1zky, jeliko\u017e diagnostika p\u0159\u00ed\u010din z\u00e1vady a zhotoven\u00ed cenov\u00e9 nab\u00eddky je v\u00fdsledkem \u010dasov\u011b i odborn\u011b n\u00e1ro\u010dn\u00e9 pr\u00e1ce technika a dal\u0161\u00edch pracovn\u00edk\u016f zhotovitele.<\/p>\n\n\n\n<p class=\"wp-block-paragraph\"><strong>3.7.<\/strong>&nbsp;P\u0159ed dokon\u010den\u00edm servisn\u00ed slu\u017eby m\u016f\u017ee objednatel od smlouvy odstoupit (tj. objedn\u00e1vku zru\u0161it) v t\u011bchto p\u0159\u00edpadech: a) Pokud zhotovitel sd\u011bl\u00ed objednateli p\u00edsemn\u011b nebo \u00fastn\u011b sv\u016fj z\u00e1m\u011br zv\u00fd\u0161it cenu servisn\u00ed slu\u017eby a objednatel s nov\u011b stanovenou cenou nesouhlas\u00ed. V takov\u00e9m p\u0159\u00edpad\u011b je v\u0161ak objednatel povinen uhradit zhotoviteli diagnostiku a po\u0161tovn\u00e9 dle aktu\u00e1ln\u00edho cen\u00edku, bez ohledu na to, zda m\u011bl objednatel z \u010d\u00e1ste\u010dn\u00e9ho proveden\u00ed opravy prosp\u011bch (do\u0161lo-li tedy nap\u0159\u00edklad k \u010d\u00e1ste\u010dn\u00e9mu odstran\u011bn\u00ed vady apod.). T\u00edmto ujedn\u00e1n\u00edm nen\u00ed dot\u010dena platnost \u010dl. 3.3 ani \u010dl. 3.6 t\u011bchto OPS. b) A\u017e do dokon\u010den\u00ed servisn\u00ed slu\u017eby m\u016f\u017ee objednatel od smlouvy odstoupit (zru\u0161it objedn\u00e1vku) i bez jak\u00e9hokoli d\u016fvodu, av\u0161ak v takov\u00e9m p\u0159\u00edpad\u011b je povinen objednatel zaplatit zhotoviteli \u010d\u00e1stku, kter\u00e1 p\u0159ipad\u00e1 na ji\u017e vykonan\u00e9 pr\u00e1ce a objednan\u00fd \u010di dodan\u00fd materi\u00e1l. Z\u00e1rove\u0148 m\u00e1 zhotovitel pr\u00e1vo na objednateli po\u017eadovat n\u00e1hradu \u00fa\u010deln\u011b vynalo\u017een\u00fdch n\u00e1klad\u016f souvisej\u00edc\u00edch s odstoupen\u00edm od smlouvy (doprava materi\u00e1lu od objednatele, odstupn\u00e9 subdodavatel\u016fm apod.)<\/p>\n\n\n\n<p class=\"wp-block-paragraph\"><strong>3.8.<\/strong>&nbsp;Odm\u00edtne-li objednatel zaplatit cenu \u00fa\u010dtovanou dle Smlouvy a OPS, bude toto jedn\u00e1n\u00ed pova\u017eov\u00e1no za poru\u0161en\u00ed Smlouvy na stran\u011b objednatele. Nedojde-li k jin\u00e9 dohod\u011b zhotovitele s objednatelem, je zhotovitel opr\u00e1vn\u011bn podle \u00a7&nbsp;1395&nbsp;a n\u00e1sl. ob\u010dansk\u00e9ho z\u00e1kon\u00edku vyu\u017e\u00edt zadr\u017eovac\u00ed (reten\u010dn\u00ed) pr\u00e1vo a za\u0159\u00edzen\u00ed objednateli a\u017e do zaplacen\u00ed ceny nevydat. Je-li objednatel v prodlen\u00ed se zaplacen\u00edm ceny servisn\u00edch slu\u017eeb, je povinen zaplatit zhotoviteli rovn\u011b\u017e z\u00e1konn\u00e9 \u00faroky z prodlen\u00ed za dobu, po kterou prodlen\u00ed objednatele trv\u00e1.<\/p>\n\n\n\n<p class=\"wp-block-paragraph\"><strong>3.9.<\/strong>&nbsp;Objednatel je povinen dodat za\u0159\u00edzen\u00ed k oprav\u011b odheslovan\u00e9 anebo hesla p\u0159ed opravou sd\u011blit. V p\u0159\u00edpad\u011b, \u017ee bude v r\u00e1mci diagnostiky anebo testov\u00e1n\u00ed za\u0159\u00edzen\u00ed servisem nutn\u00e9 p\u0159ekonat nezn\u00e1m\u00e9 heslo, bude objednateli na\u00fa\u010dtov\u00e1na tato pr\u00e1ce dle platn\u00e9ho cen\u00edku nad r\u00e1mec schv\u00e1len\u00e9ho rozpo\u010dtu opravy.<\/p>\n\n\n\n<p class=\"wp-block-paragraph\"><strong>3.10.<\/strong>&nbsp;Za data ulo\u017een\u00e1 v opravovan\u00e9m za\u0159\u00edzen\u00ed zhotovitel neru\u010d\u00ed. P\u0159ed odesl\u00e1n\u00edm za\u0159\u00edzen\u00ed zhotoviteli nebo p\u0159ed\u00e1n\u00ed osobn\u011b do opravy je objednatel povinen si data z\u00e1lohovat.<\/p>\n\n\n\n<p class=\"wp-block-paragraph\"><strong>3.11.<\/strong>&nbsp;Cenov\u00fd n\u00e1vrh je platn\u00fd 10 kalend\u00e1\u0159n\u00edch dn\u016f od jeho odesl\u00e1n\u00ed. V p\u0159\u00edpad\u011b, \u017ee objednatel na cenov\u00fd n\u00e1vrh nebude reagovat do 10 kalend\u00e1\u0159n\u00edch dn\u016f, st\u00e1v\u00e1 se tento cenov\u00fd n\u00e1vrh neplatn\u00fd. V p\u0159\u00edpad\u011b, \u017ee objednatel cenov\u00fd n\u00e1vrh akceptuje, je objednatel povinen za\u0159\u00edzen\u00ed doru\u010dit do servisn\u00edho st\u0159ediska nejpozd\u011bji do 10 kalend\u00e1\u0159n\u00edch dn\u016f. Pokud objednatel doru\u010d\u00ed za\u0159\u00edzen\u00ed do servisn\u00edho st\u0159ediska 11 kalend\u00e1\u0159n\u00ed den nebo pozd\u011bji, cenov\u00fd n\u00e1vrh t\u00edmto ztr\u00e1c\u00ed platnost, ale objednatel si m\u016f\u017ee vy\u017e\u00e1dat cenov\u00fd n\u00e1vrh nov\u00fd. Pokud za\u0159\u00edzen\u00ed p\u0159ijde 11 kalend\u00e1\u0159n\u00ed den nebo pozd\u011bji, zhotovitel provede diagnostiku a po\u0161le nov\u00fd cenov\u00fd n\u00e1vrh. V p\u0159\u00edpad\u011b neschv\u00e1len\u00ed nov\u00e9ho cenov\u00e9ho n\u00e1vrhu je objednatel povinen zaplatit diagnostiku a po\u0161tovn\u00e9 dle aktu\u00e1ln\u00edho cen\u00edku.<\/p>\n\n\n\n<p class=\"wp-block-paragraph\"><strong>3.12.<\/strong>&nbsp;V p\u0159\u00edpad\u011b, \u017ee nelze objednanou slu\u017ebu (zak\u00e1zku) prov\u00e9st, je objednatel povinen zaplatit n\u00e1klady vynalo\u017een\u00e9 na zji\u0161t\u011bn\u00ed z\u00e1vady. n\u00e1klady na zji\u0161t\u011bn\u00ed z\u00e1vady m\u016f\u017ee zhotovitel po\u017eadovat po objednateli p\u0159edem ve form\u011b nevratn\u00e9 z\u00e1lohy, nebo b\u011b\u017enou z\u00e1lohu n\u00e1sledn\u011b \u0159\u00e1dn\u011b vy\u00fa\u010dtovat.<\/p>\n\n\n\n<ol start=\"4\" class=\"wp-block-list\">\n<li><strong>Fakturace, platebn\u00ed podm\u00ednky a zp\u016fsob \u00fahrady<\/strong><\/li>\n<\/ol>\n\n\n\n<p class=\"wp-block-paragraph\"><strong>4.1.<\/strong>&nbsp;Zhotovitel je opr\u00e1vn\u011bn po\u017eadovat uhrazen\u00ed z\u00e1lohy na proveden\u00ed servisn\u00ed slu\u017eby, pop\u0159. vystavit z\u00e1lohovou fakturu, a to a\u017e do 100% ceny servisn\u00ed slu\u017eby. V takov\u00e9m p\u0159\u00edpad\u011b je \u00fahrada z\u00e1lohy \u010di z\u00e1lohov\u00e9 faktury podm\u00ednkou dod\u00e1n\u00ed servisn\u00ed slu\u017eby. Uhrazen\u00e1 z\u00e1loha bude ode\u010dtena od celkov\u00e9 ceny na kone\u010dn\u00e9m vy\u00fa\u010dtov\u00e1n\u00ed \u010di kone\u010dn\u00e9 faktu\u0159e \u2013 da\u0148ov\u00e9m dokladu.<\/p>\n\n\n\n<p class=\"wp-block-paragraph\"><strong>4.2.<\/strong>&nbsp;V p\u0159\u00edpad\u011b prodlen\u00ed objednatele s \u00fahradou ceny \u010din\u00ed \u00farok z prodlen\u00ed ve v\u00fd\u0161i 0,5 % denn\u011b z dlu\u017en\u00e9 \u010d\u00e1stky denn\u011b.<\/p>\n\n\n\n<p class=\"wp-block-paragraph\"><strong>4.3.<\/strong> Opraven\u00e9 za\u0159\u00edzen\u00ed odes\u00edl\u00e1 zhotovitel objednateli p\u0159epravn\u00ed slu\u017ebou po p\u0159edchoz\u00ed \u00fahrad\u011b, nebo dob\u00edrkou nebo si m\u016f\u017ee objednatel opraven\u00e9 za\u0159\u00edzen\u00ed vyzvednout na kamenn\u00e9 prodejn\u011b, kde \u00fahrada prob\u011bhne v hotovosti. Na fakturu opravn\u00e9 zbo\u017e\u00ed nezas\u00edl\u00e1me.<\/p>\n\n\n\n<ol start=\"5\" class=\"wp-block-list\">\n<li><strong>Ukon\u010den\u00ed servisn\u00ed slu\u017eby<\/strong><\/li>\n<\/ol>\n\n\n\n<p class=\"wp-block-paragraph\"><strong>5.1.<\/strong>&nbsp;P\u0159edb\u011b\u017en\u00fd term\u00edn dokon\u010den\u00ed servisn\u00edch slu\u017eeb je dohodnut dop\u0159edu s objednatelem, je\u0161t\u011b p\u0159ed uzav\u0159en\u00edm smlouvy. Po dokon\u010den\u00ed servisn\u00ed slu\u017eby je objednatel zpravidla informov\u00e1n zhotovitelem prost\u0159ednictv\u00edm SMS \u010di e-mailovou zpr\u00e1vou.<\/p>\n\n\n\n<p class=\"wp-block-paragraph\"><strong>5.4.<\/strong>&nbsp;Podle&nbsp;p\u0159\u00edslu\u0161n\u00e9ho ustanoven\u00ed&nbsp;ob\u010dansk\u00e9ho z\u00e1kon\u00edku je objednatel povinen vyzvednout si p\u0159edm\u011bt smlouvy nejpozd\u011bji do 14 kalend\u00e1\u0159n\u00edch dn\u016f od term\u00ednu dokon\u010den\u00ed jeho opravy. Neu\u010din\u00ed-li tak, pak je objednatel povinen zaplatit poplatek za uskladn\u011bn\u00ed, kter\u00fd \u010din\u00ed 10,\u2013 K\u010d v\u010d. DPH\/kalend\u00e1\u0159n\u00ed den.<\/p>\n\n\n\n<p class=\"wp-block-paragraph\"><strong>5.5.<\/strong>&nbsp;V dob\u011b, po kterou je objednatel v prodlen\u00ed s p\u0159evzet\u00edm p\u0159edm\u011btu Smlouvy, p\u0159ech\u00e1z\u00ed na objednatele nebezpe\u010d\u00ed ztr\u00e1ty, zni\u010den\u00ed, po\u0161kozen\u00ed a nahodil\u00e9 zk\u00e1zy v\u011bci.<\/p>\n\n\n\n<p class=\"wp-block-paragraph\"><strong>5.6.<\/strong>&nbsp;Nevyzvedne-li si objednatel p\u0159edm\u011bt smlouvy ve lh\u016ft\u011b \u0161esti m\u011bs\u00edc\u016f ode dne, kdy byl povinen jej vyzvednout, provede zhotovitel fyzickou likvidaci za\u0159\u00edzen\u00ed bez n\u00e1roku objednatele na n\u00e1hradu \u0161kody. Zhotovitel si rovn\u011b\u017e vyhrazuje pr\u00e1vo takto nevyzvednutou v\u011bc prodat \u010di jinak vyu\u017e\u00edt za \u00fa\u010delem kompenzace objednatelem neuhrazen\u00fdch n\u00e1klad\u016f vynalo\u017een\u00fdch v souvislosti se servisn\u00edmi slu\u017ebami.<\/p>\n\n\n\n<ol start=\"6\" class=\"wp-block-list\">\n<li><strong>Z\u00e1ruky na opravy<\/strong><\/li>\n<\/ol>\n\n\n\n<p class=\"wp-block-paragraph\"><strong>6.1.<\/strong>&nbsp;Zhotovitel poskytuje na proveden\u00e9 servisn\u00ed pr\u00e1ce (viz. bod 1.2 t\u011bchto SP) z\u00e1ruku v d\u00e9lce 3 m\u011bs\u00edc\u016f od okam\u017eiku p\u0159evzet\u00ed za\u0159\u00edzen\u00ed objednatelem ve smyslu Ob\u010dansk\u00e9ho z\u00e1kon\u00edku.&nbsp;Na vytknut\u00ed vad je z\u00e1konn\u00e1 lh\u016fta 2 roky. vady lze vytknout ve v\u0161ech provozovn\u00e1ch zhotovitele v\u010detn\u011b s\u00eddla firmy.<\/p>\n\n\n\n<p class=\"wp-block-paragraph\"><strong>6.2.<\/strong>&nbsp;Objednatel je povinen ve vlastn\u00edm z\u00e1jmu p\u0159ekontrolovat plnou funk\u010dnost za\u0159\u00edzen\u00ed bezprost\u0159edn\u011b po jeho p\u0159evzet\u00ed za\u0159\u00edzen\u00ed od zhotovitele \u010di t\u0159et\u00ed osoby nejpozd\u011bji v\u0161ak do 24 hodin po p\u0159evzet\u00ed od zhotovitele. Na pozd\u011bj\u0161\u00ed reklamace z\u00e1vad, je\u017e p\u0159\u00edmo nesouvis\u00ed s provedenou prac\u00ed, nebude nahl\u00ed\u017eeno jako na z\u00e1ru\u010dn\u00ed. Tento odstavec se net\u00fdk\u00e1 z\u00e1ruky na opravenou z\u00e1vadu, je\u017e byla p\u0159edm\u011btem servisn\u00edch slu\u017eeb.<\/p>\n\n\n\n<p class=\"wp-block-paragraph\"><strong>6.3.<\/strong> Dle ust.: \u00a7 2618 z\u00e1kona \u010d. 89\/2012 Sb., ve zn\u011bn\u00ed pozd\u011bj\u0161\u00edch p\u0159edpis\u016f, Soud nep\u0159izn\u00e1 objednateli pr\u00e1vo z vadn\u00e9ho pln\u011bn\u00ed, neozn\u00e1mil-li objednatel vady d\u00edla bez zbyte\u010dn\u00e9ho odkladu pot\u00e9, kdy je zjistil nebo p\u0159i n\u00e1le\u017eit\u00e9 pozornosti zjistit m\u011bl, nejpozd\u011bji v\u0161ak do dvou let od p\u0159ed\u00e1n\u00ed d\u00edla, a nam\u00edtne-li zhotovitel, \u017ee pr\u00e1vo bylo uplatn\u011bno opo\u017ed\u011bn\u011b.<\/p>\n\n\n\n<p class=\"wp-block-paragraph\"><strong>6.5.<\/strong> Na opravu v\u011bci se dle ob\u010dansk\u00e9ho z\u00e1kon\u00edku (z\u00e1kona \u010d. 89\/2012 Sb., ve zn\u011bn\u00ed pozd\u011bj\u0161\u00edch p\u0159edpis\u016f) pohl\u00ed\u017e\u00ed jako na smlouvu o d\u00edlo.<\/p>\n\n\n\n<ol start=\"7\" class=\"wp-block-list\">\n<li><strong>Z\u00e1ru\u010dn\u00ed opravy<\/strong><\/li>\n<\/ol>\n\n\n\n<p class=\"wp-block-paragraph\"><strong>7.1.<\/strong>&nbsp;Zhotovitel je ze z\u00e1kona povinen vy\u0159\u00eddit po\u017eadavek na z\u00e1ru\u010dn\u00ed servisn\u00ed slu\u017eby (reklamaci \u2013&nbsp;<strong>vyt\u010den\u00ed vady<\/strong>) do 30 dn\u00ed od&nbsp;uplatn\u011bn\u00ed reklamace&nbsp;nebo p\u0159ijet\u00ed za\u0159\u00edzen\u00ed k z\u00e1ru\u010dn\u00ed oprav\u011b.<\/p>\n\n\n\n<p class=\"wp-block-paragraph\"><strong>7.2.<\/strong>&nbsp;Servisn\u00ed podm\u00ednky z\u00e1ru\u010dn\u00edch oprav se \u0159\u00edd\u00ed dle Ob\u010dansk\u00e9ho z\u00e1kon\u00edku a dle podm\u00ednek jednotliv\u00fdch v\u00fdrobc\u016f \u010di distributor\u016f.<\/p>\n\n\n\n<p class=\"wp-block-paragraph\"><strong>7.3<\/strong>&nbsp;Zhotovitel&nbsp;<strong>po proveden\u00ed diagnostiky<\/strong>&nbsp;neuzn\u00e1v\u00e1 z\u00e1ruku v p\u0159\u00edpad\u011b t\u011bchto zji\u0161t\u011bn\u00fdch z\u00e1vad a po\u0161kozen\u00ed: Oxidace; Nepovolen\u00fd z\u00e1sah do softwaru (ROOT nebo jailbreak); Neodborn\u00fd z\u00e1sah; Mechanick\u00e9 po\u0161kozen\u00ed \u2013 mechanick\u00e9 po\u0161kozen\u00ed kryt\u016f, mechanick\u00e9 po\u0161kozen\u00ed LCD a dotykov\u00e9ho skla, po\u0161kozen\u00ed dotykov\u00e9ho skla po\u0161kr\u00e1b\u00e1n\u00edm, mechanick\u00e9 po\u0161kozen\u00ed bateriov\u00e9ho konektoru, mechanick\u00e9 po\u0161kozen\u00ed USB konektoru, utr\u017een\u00fd komponent, stopy po n\u00e1razu.<\/p>\n\n\n\n<ol start=\"8\" class=\"wp-block-list\">\n<li><strong>Omezen\u00ed ru\u010den\u00ed zhotovitele za za\u0159\u00edzen\u00ed dodan\u00e1 objednatelem k proveden\u00ed servisn\u00ed slu\u017eby<\/strong><\/li>\n<\/ol>\n\n\n\n<p class=\"wp-block-paragraph\"><strong>8.1.<\/strong>&nbsp;Zhotovitel z principu nem\u016f\u017ee ru\u010dit a neru\u010d\u00ed za data ulo\u017een\u00e1 na datov\u00fdch m\u00e9di\u00edch a za\u0159\u00edzen\u00edch objednatele a tato data je opr\u00e1vn\u011bn v pr\u016fb\u011bhu servisn\u00edho z\u00e1sahu smazat. Objednatel by tedy m\u011bl data p\u0159ed p\u0159ed\u00e1n\u00edm za\u0159\u00edzen\u00ed k servisn\u00edmu z\u00e1sahu i v b\u011b\u017en\u00e9m provozu pr\u016fb\u011b\u017en\u011b z\u00e1lohovat.<\/p>\n\n\n\n<p class=\"wp-block-paragraph\"><strong>8.2.<\/strong>&nbsp;Zhotovitel neru\u010d\u00ed za skryt\u00e9 vady v\u00fdrobku, na n\u011b\u017e nebyl objednatelem prokazateln\u011b upozorn\u011bn, za p\u0159\u00edpadn\u00e1 zhor\u0161en\u00ed ji\u017e existuj\u00edc\u00edch vad v\u00fdrobku, kter\u00e9 existovaly p\u0159ed p\u0159ijet\u00edm zak\u00e1zky (nap\u0159. praskliny, poruchy funk\u010dnosti za\u0159\u00edzen\u00ed, kter\u00e9 se nepoda\u0159\u00ed opravit apod.), za z\u00e1vady vznikl\u00e9 opot\u0159eben\u00edm b\u011bhem nutn\u00fdch vstupn\u00edch a v\u00fdstupn\u00edch test\u016f, za z\u00e1vady, k nim\u017e doch\u00e1z\u00ed samovoln\u011b b\u011bhem provozu bez vn\u011bj\u0161\u00edch p\u0159\u00ed\u010din.<\/p>\n\n\n\n<p class=\"wp-block-paragraph\"><strong>8.3.<\/strong>&nbsp;Zhotovitel ru\u010d\u00ed za funk\u010dnost za\u0159\u00edzen\u00ed po servisn\u00edm z\u00e1sahu v rozsahu sjednan\u00e9m v objedn\u00e1vce zak\u00e1zky nebo v rozsahu odpov\u00eddaj\u00edc\u00edm b\u011b\u017en\u00fdm v\u00fdstupn\u00edm test\u016fm za\u0159\u00edzen\u00ed. V\u0161echny z\u00e1vady nevyhovuj\u00edc\u00ed t\u011bmto krit\u00e9ri\u00edm v p\u0159\u00edpad\u011b pozd\u011bj\u0161\u00ed reklamace budou pova\u017eov\u00e1ny za mimoz\u00e1ru\u010dn\u00ed z\u00e1le\u017eitost.<\/p>\n\n\n\n<p class=\"wp-block-paragraph\"><strong>8.4.<\/strong>&nbsp;Nepoda\u0159\u00ed-li se zhotoviteli prov\u00e9st objednanou servisn\u00ed slu\u017ebu (nap\u0159. z technick\u00fdch \u010di finan\u010dn\u00edch d\u016fvod\u016f), nebo odstoup\u00ed-li objednatel od Smlouvy, bude za\u0159\u00edzen\u00ed uvedeno do p\u016fvodn\u00edho stavu jen, je-li to technicky mo\u017en\u00e9, a zaplat\u00ed-li objednatel n\u00e1klady na pr\u00e1ci s t\u00edmto spojenou dle \u201eCen\u00edku slu\u017eeb\u201c zhotovitele.<\/p>\n\n\n\n<p class=\"wp-block-paragraph\"><strong>8.5.<\/strong>&nbsp;Zhotovitel je opr\u00e1vn\u011bn prov\u00e9st na za\u0159\u00edzen\u00ed technick\u00e9 \u00fakony, kter\u00e9 jsou nutn\u00e9 k zji\u0161t\u011bn\u00ed finan\u010dn\u00ed n\u00e1ro\u010dnosti celkov\u00e9 servisn\u00ed slu\u017eby, bez n\u00e1roku objednatele na bezplatn\u00e9 uveden\u00ed za\u0159\u00edzen\u00ed do p\u016fvodn\u00edho stavu, nedojde-li z technick\u00fdch \u010di finan\u010dn\u00edch d\u016fvod\u016f k dokon\u010den\u00ed zak\u00e1zky.<\/p>\n\n\n\n<p class=\"wp-block-paragraph\"><strong>8.6.<\/strong>&nbsp;Zhotovitel odpov\u00edd\u00e1 za \u0161kodu na za\u0159\u00edzen\u00ed sv\u011b\u0159en\u00e9mu objednatelem k proveden\u00ed servisn\u00edho z\u00e1sahu, a to od okam\u017eiku jeho fyzick\u00e9ho p\u0159evzet\u00ed. V p\u0159\u00edpad\u011b ztr\u00e1ty sv\u011b\u0159en\u00e9ho za\u0159\u00edzen\u00ed nebo po\u0161kozen\u00ed sv\u011b\u0159en\u00e9ho za\u0159\u00edzen\u00ed z jin\u00fdch d\u016fvod\u016f ne\u017e jsou vyjmenov\u00e1ny v t\u011bchto SP, nahrad\u00ed objednateli \u0161kodu na za\u0159\u00edzen\u00ed do v\u00fd\u0161e skute\u010dn\u00e9 hodnoty za\u0159\u00edzen\u00ed odpov\u00eddaj\u00edc\u00ed typu za\u0159\u00edzen\u00ed, jeho st\u00e1\u0159\u00ed a druhu po\u0161kozen\u00ed, s n\u00edm\u017e bylo prokazateln\u011b fyzicky p\u0159ed\u00e1no zhotoviteli k proveden\u00ed servisn\u00ed slu\u017eby. Jestli\u017ee nedojde ke shod\u011b zhotovitele a objednatele ve v\u00fd\u0161i n\u00e1hrady \u0161kody, pak m\u016f\u017ee objednatel nechat v\u00fd\u0161i \u0161kody stanovit certifikovan\u00fdm soudn\u00edm znalcem v p\u0159edm\u011btn\u00e9m oboru. Takto stanoven\u00e1 v\u00fd\u0161e \u0161kody bude ob\u011bma stranami pova\u017eov\u00e1na za kone\u010dnou a nezpochybnitelnou.&nbsp;<\/p>\n\n\n\n<p class=\"wp-block-paragraph\"><strong>8.7.<\/strong>&nbsp;Objednatel bere na v\u011bdom\u00ed, \u017ee zhotovitel neodpov\u00edd\u00e1 a neru\u010d\u00ed za jak\u00e9koli n\u00e1klady, kter\u00e9 vyvstanou objednateli v souvislosti s opravou za\u0159\u00edzen\u00ed, tj. nap\u0159\u00edklad u\u0161l\u00fd zisk, n\u00e1klady na telefonn\u00ed poplatky, internetov\u00e9 p\u0159ipojen\u00ed, dopravn\u00e9 apod.<\/p>\n\n\n\n<p class=\"wp-block-paragraph\"><strong>8.8.<\/strong>&nbsp;Pro p\u0159\u00edpad spor\u016f ve v\u011bci z\u00e1vad nebo po\u0161kozen\u00ed za\u0159\u00edzen\u00ed p\u0159edan\u00fdch zhotoviteli k proveden\u00ed servisn\u00edho z\u00e1sahu je v z\u00e1jmu objednatele zdokumentovat nezpochybniteln\u00fdm zp\u016fsobem stav za\u0159\u00edzen\u00ed, a to p\u0159ed jeho p\u0159ed\u00e1n\u00edm t\u0159et\u00ed osob\u011b k p\u0159eprav\u011b nebo zhotoviteli, nap\u0159. nafocen\u00edm po\u0161kozen\u00fdch m\u00edst, viditeln\u00e9ho mechanick\u00e9ho opot\u0159eben\u00ed d\u00edl\u016f apod. Zhotovitel nenese zodpov\u011bdnost za takov\u00e1 opot\u0159eben\u00ed nebo mechanick\u00e1 po\u0161kozen\u00ed objednatelem p\u0159edan\u00fdch za\u0159\u00edzen\u00ed, kter\u00e1 nen\u00ed objednatel schopen prokazateln\u011b deklarovat jako vznikl\u00e1 u zhotovitele. Za prokazatelnou dokumentaci stavu za\u0159\u00edzen\u00ed p\u0159ed opravou se nepova\u017euje jednostrann\u00e9 prohl\u00e1\u0161en\u00ed objednatele ve Smlouv\u011b o stavu p\u0159ed\u00e1van\u00e9ho za\u0159\u00edzen\u00ed \u2013 zhotovitel prov\u00e1d\u00ed ve\u0161ker\u00e9 servisn\u00ed z\u00e1sahy na za\u0159\u00edzen\u00edch pou\u017eit\u00fdch a slovn\u011b nelze stupe\u0148 opot\u0159eben\u00ed jednozna\u010dn\u011b a nezpochybniteln\u011b popsat.<\/p>\n\n\n\n<p class=\"wp-block-paragraph\"><strong>8.9.<\/strong>&nbsp;U zak\u00e1zek p\u0159ed\u00e1van\u00fdch objednatelem zhotoviteli nep\u0159\u00edmo (tj. webovou objedn\u00e1vkou opravy nebo odesl\u00e1n\u00edm za\u0159\u00edzen\u00ed zhotoviteli objednatelem prost\u0159ednictv\u00edm t\u0159et\u00ed osoby) nem\u00e1 zhotovitel mo\u017enost ovlivnit text, kter\u00fd uv\u00e1d\u00ed objednatel v Objedn\u00e1vce opravy nebo pr\u016fvodn\u00edm dopise za\u0159\u00edzen\u00ed. Na ve\u0161ker\u00e9 texty uveden\u00e9 objednatelem v takto proveden\u00e9 objedn\u00e1vce (Smlouv\u011b) je nahl\u00ed\u017eeno jako na jednostrann\u00e1 prohl\u00e1\u0161en\u00ed objednatele a nejsou pro zhotovitele pr\u00e1vn\u011b z\u00e1vazn\u00e1, proto\u017ee se tyto texty p\u0159en\u00e1\u0161ej\u00ed bez z\u00e1sahu zhotovitele automaticky do textu Smlouvy a tato je na stran\u011b zhotovitele takto vyti\u0161t\u011bn\u00e1 v souladu s bodem 2.2 t\u011bchto SP. D\u00e1le nem\u00e1 zhotovitel za povinnost v okam\u017eiku p\u0159evzet\u00ed v\u011bci k oprav\u011b prov\u00e9st komplexn\u00ed testy za\u0159\u00edzen\u00ed, kter\u00fdmi by prov\u011b\u0159il v\u0161echna tvrzen\u00ed objednatele uv\u00e1d\u011bn\u00e1 ve Smlouv\u011b \u2013 zvl\u00e1\u0161t\u011b ta, kter\u00e1 nejsou na prvn\u00ed pohled z\u0159ejm\u00e1, a to jak u osobn\u00edho p\u0159ed\u00e1n\u00ed v\u011bci k oprav\u011b tak u za\u0159\u00edzen\u00ed p\u0159ed\u00e1van\u00fdch k oprav\u011b prost\u0159ednictv\u00edm t\u0159et\u00ed osoby. Jestli\u017ee zhotovitel v pr\u016fb\u011bhu servisn\u00ed \u010dinnosti zjist\u00ed nesoulad mezi tvrzen\u00edmi uveden\u00fdmi objednatelem a skute\u010dnost\u00ed, pak za nesoulad nen\u00ed zodpov\u011bdn\u00fd a m\u00e1 pr\u00e1vo uv\u00e9st text Smlouvy do souladu se skute\u010dnost\u00ed. Z\u00e1rove\u0148 na tento nesoulad upozorn\u00ed objednatele. Zji\u0161t\u011bn\u00ed nesouladu tvrzen\u00ed objednatele se skute\u010dnost\u00ed je zhotovitel opr\u00e1vn\u011bn prov\u00e9st kdykoli, nikoli jen ve chv\u00edli p\u0159evzet\u00ed a p\u0159ijet\u00ed za\u0159\u00edzen\u00ed do opravy. Tento odstavec se t\u00fdk\u00e1 p\u0159edev\u0161\u00edm popisu stavu za\u0159\u00edzen\u00ed, v\u00fd\u010dtu dodan\u00e9ho p\u0159\u00edslu\u0161enstv\u00ed a objektivn\u011b t\u011b\u017eko zjistiteln\u00fdch \u00fadaj\u016f o za\u0159\u00edzen\u00ed na prvn\u00ed pohled neviditeln\u00fdch, jako je p\u0159\u00edtomnost, kapacita a stav datov\u00fdch nosi\u010d\u016f, funk\u010dnost za\u0159\u00edzen\u00ed, kvalita zobrazen\u00ed, hlu\u010dnost, mechanick\u00e9 opot\u0159eben\u00ed d\u00edl\u016f, kapacita akumul\u00e1tor\u016f, konfigurace za\u0159\u00edzen\u00ed apod.<\/p>\n\n\n\n<p class=\"wp-block-paragraph\"><strong>8.10.<\/strong>&nbsp;Zhotovitel nen\u00ed zodpov\u011bdn\u00fd a neru\u010d\u00ed za jak\u00e9koli probl\u00e9my, zavin\u011bn\u00e9 vz\u00e1jemnou nekompatibilitou mezi hardwarov\u00fdmi komponenty, mezi instalovan\u00fdm hardwarem a softwarem ani mezi softwarov\u00fdmi produkty.<\/p>\n\n\n\n<p class=\"wp-block-paragraph\"><strong>8.11.<\/strong>&nbsp;Zhotovitel nen\u00ed rovn\u011b\u017e zodpov\u011bdn\u00fd za funk\u010dnost jak\u00e9hokoli software v\u010detn\u011b opera\u010dn\u00edch syst\u00e9m\u016f provozovan\u00fdch objednatelem na servisovan\u00e9m za\u0159\u00edzen\u00ed.<\/p>\n\n\n\n<ol start=\"9\" class=\"wp-block-list\">\n<li><strong>Vadn\u00e9 d\u00edly a jejich v\u00fdm\u011bna<\/strong><\/li>\n<\/ol>\n\n\n\n<p class=\"wp-block-paragraph\"><strong>9.1.<\/strong>&nbsp;Nepo\u017eaduje-li objednatel ve Smlouv\u011b vr\u00e1cen\u00ed vadn\u00fdch d\u00edl\u016f po proveden\u00e9 oprav\u011b, zavazuje se zhotovitel v r\u00e1mci prov\u00e1d\u011bn\u00ed servisn\u00ed slu\u017eby ekologicky zlikvidovat vym\u011bn\u011bn\u00e9 vadn\u00e9 d\u00edly na vlastn\u00ed n\u00e1klady.<\/p>\n\n\n\n<p class=\"wp-block-paragraph\"><strong>9.2.<\/strong>&nbsp;Zhotovitel si vyhrazuje pr\u00e1vo v p\u0159\u00edpadech, kdy je mo\u017enost sehn\u00e1n\u00ed servisn\u00edch d\u00edl\u016f omezen\u00e1 anebo nerentabiln\u00ed, v servisn\u00edch zak\u00e1zk\u00e1ch nahradit origin\u00e1ln\u00ed vadn\u00e9 d\u00edly odpov\u00eddaj\u00edc\u00edmi ekvivalentn\u00edmi n\u00e1hradn\u00edmi d\u00edly a sou\u010d\u00e1stkami, kter\u00e9 zajist\u00ed u opravovan\u00e9ho za\u0159\u00edzen\u00ed po\u017eadovan\u00e9 funkce stejn\u011b kvalitn\u011b jako d\u00edl origin\u00e1ln\u00ed.<\/p>\n\n\n\n<p class=\"wp-block-paragraph\"><strong>9.3.<\/strong>&nbsp;Objednatel bere na v\u011bdom\u00ed, \u017ee u n\u011bkter\u00fdch druh\u016f oprav za\u0159\u00edzen\u00ed doch\u00e1z\u00ed p\u0159i demont\u00e1\u017ei, diagnostice nebo v\u00fdm\u011bn\u011b vadn\u00fdch sou\u010d\u00e1stek k nevratn\u00e9mu mechanick\u00e9mu, tepeln\u00e9mu, elektrick\u00e9mu nebo chemick\u00e9mu po\u0161kozen\u00ed t\u011bchto sou\u010d\u00e1stek a v t\u011bchto p\u0159\u00edpadech nen\u00ed technicky mo\u017en\u00e9 uv\u00e9st za\u0159\u00edzen\u00ed do stavu p\u0159esn\u011b odpov\u00eddaj\u00edc\u00edho stavu p\u0159ed servisn\u00edm z\u00e1sahem, pakli\u017ee nedojde k \u00fasp\u011b\u0161n\u00e9mu dokon\u010den\u00ed opravy z technick\u00fdch, ekonomick\u00fdch nebo jin\u00fdch objektivn\u00edch nebo subjektivn\u00edch d\u016fvod\u016f.<\/p>\n\n\n\n<ol start=\"10\" class=\"wp-block-list\">\n<li><strong>Doprava za\u0159\u00edzen\u00ed k oprav\u011b<\/strong><\/li>\n<\/ol>\n\n\n\n<p class=\"wp-block-paragraph\"><strong>10.1.<\/strong>&nbsp;Z\u00e1kazn\u00edci mohou vyu\u017e\u00edt slu\u017eeb dr\u017eitele po\u0161tovn\u00ed licence, p\u0159\u00edpadn\u011b jin\u00fdch zas\u00edlatel\u016f \u010di p\u0159epravn\u00edch slu\u017eeb (d\u00e1le t\u00e9\u017e \u201et\u0159et\u00ed osoba\u201c) k zasl\u00e1n\u00ed za\u0159\u00edzen\u00ed k proveden\u00ed servisn\u00edho z\u00e1sahu na adresu provozovny Mobiln\u00ed sv\u011bt s.r.o., Chel\u010dick\u00e9ho 328, 50002 Hradec Kr\u00e1lov\u00e9 (d\u00e1le jen \u201eSlu\u017eba\u201c). Objednatel m\u016f\u017ee za\u0159\u00edzen\u00ed p\u0159in\u00e9st i osobn\u011b na kamennou prodejnu v ulici Chel\u010dick\u00e9ho 328, Hradec Kr\u00e1lov\u00e9.<\/p>\n\n\n\n<p class=\"wp-block-paragraph\"><strong>10.2.<\/strong>&nbsp;Objednatel je povinen sezn\u00e1mit se p\u0159ed odesl\u00e1n\u00edm za\u0159\u00edzen\u00ed v p\u0159\u00edpad\u011b vyu\u017eit\u00ed Slu\u017eby s p\u0159epravn\u00edmi podm\u00ednkami p\u0159\u00edslu\u0161n\u00e9 t\u0159et\u00ed osoby, zvl\u00e1\u0161t\u011b co se t\u00fdk\u00e1 hmotnosti a zp\u016fsobu balen\u00ed z\u00e1silek, a tyto podm\u00ednky dodr\u017eet.<\/p>\n\n\n\n<p class=\"wp-block-paragraph\"><strong>10.3.<\/strong>&nbsp;Zhotovitel neru\u010d\u00ed za zp\u016fsob zabalen\u00ed zas\u00edlan\u00e9 techniky objednatelem ani za p\u0159\u00edpadn\u00e9 \u0161kody vznikl\u00e9 na z\u00e1silce v d\u016fsledku jeho p\u0159epravy od objednatele ke zhotoviteli, jeliko\u017e nem\u00e1 mo\u017enost zp\u016fsob balen\u00ed z\u00e1silky ovlivnit.<\/p>\n\n\n\n<ol start=\"11\" class=\"wp-block-list\">\n<li><strong>Postup reklamace za\u0159\u00edzen\u00ed po\u0161kozen\u00e9ho p\u0159i p\u0159eprav\u011b k objednateli<\/strong><\/li>\n<\/ol>\n\n\n\n<p class=\"wp-block-paragraph\"><strong>11.1.<\/strong>&nbsp;Zjist\u00ed-li objednatel po\u0161kozen\u00ed za\u0159\u00edzen\u00ed po jeho zp\u011btn\u00e9m dod\u00e1n\u00ed t\u0159et\u00ed osobou, je pro uzn\u00e1n\u00ed reklamace a n\u00e1roku na n\u00e1hradu \u0161kody bezpodm\u00edne\u010dn\u011b nutn\u00e9 nahl\u00e1sit reklamaci bal\u00edku&nbsp;<strong>neodkladn\u011b<\/strong>&nbsp;na expedi\u010dn\u00ed odd\u011blen\u00ed zhotovitele (tel. +420 777 944 344) a z\u00e1rove\u0148 poslat e-mailem hl\u00e1\u0161en\u00ed \u0161kody na adresu&nbsp;<a href=\"mailto:telefony@mobilnisvetsro.cz\">telefony@mobilnisvetsro.cz<\/a>. V t\u00e9to zpr\u00e1v\u011b je nutn\u00e9 uv\u00e9st \u010d\u00edslo bal\u00edku, \u010d\u00edslo zak\u00e1zky, podrobn\u00fd slovn\u00ed popis po\u0161kozen\u00ed bal\u00edku a jeho obsahu.<\/p>\n\n\n\n<p class=\"wp-block-paragraph\"><strong>11.2.<\/strong>&nbsp;M\u00e1-li objednatel mo\u017enost \u0161kodu nafotit, je p\u0159\u00ednosn\u00e9 poslat e-mailem i tyto podklady pro uplatn\u011bn\u00ed reklamace \u0161kody.<\/p>\n\n\n\n<p class=\"wp-block-paragraph\"><strong>11.4.<\/strong>&nbsp;S bal\u00edkem a jeho obsahem nesm\u00ed p\u0159\u00edjemce z\u00e1silky jakkoli manipulovat (v \u017e\u00e1dn\u00e9m p\u0159\u00edpad\u011b nelikvidovat obal z\u00e1silky) do t\u00e9 doby, dokud neobdr\u017e\u00ed pokyny od zhotovitele, jak m\u00e1 d\u00e1le s reklamac\u00ed postupovat. V \u017e\u00e1dn\u00e9m p\u0159\u00edpad\u011b nesm\u00ed p\u0159\u00edjemce z\u00e1silky odeslat po\u0161kozen\u00fd bal\u00edk ihned zp\u011bt zhotoviteli bez toho, \u017ee by dodr\u017eel v\u00fd\u0161e p\u0159edepsan\u00fd postup.<\/p>\n\n\n\n<p class=\"wp-block-paragraph\"><strong>11.5.<\/strong>&nbsp;V p\u0159\u00edpad\u011b pochybnost\u00ed o zavin\u011bn\u00ed \u0161kody na stran\u011b p\u0159epravn\u00ed slu\u017eby mus\u00ed objednatel umo\u017enit vy\u0161et\u0159en\u00ed \u0161kody reklama\u010dn\u00edm pracovn\u00edkem p\u0159epravn\u00ed slu\u017eby na m\u00edst\u011b, kde byla \u0161koda p\u0159\u00edjemcem bal\u00edku zji\u0161t\u011bn\u00e1.<\/p>\n\n\n\n<ol start=\"12\" class=\"wp-block-list\">\n<li><strong>Z\u00e1v\u011bre\u010dn\u00e1 ustanoven\u00ed<\/strong><\/li>\n<\/ol>\n\n\n\n<p class=\"wp-block-paragraph\"><strong>12.1.<\/strong>&nbsp;OPS jsou dostupn\u00e9 na webov\u00fdch str\u00e1nk\u00e1ch&nbsp;<a href=\"http:\/\/www.mobilnisvetsro.cz\/\">http:\/\/www.mobilnisvetsro.cz\/<\/a>. Sou\u010d\u00e1st\u00ed Smlouvy jsou OPS platn\u00e9 k datu p\u0159ijet\u00ed zak\u00e1zky zhotovitelem.<\/p>\n\n\n\n<p class=\"wp-block-paragraph\"><strong>12.2.<\/strong>&nbsp;Objednatel m\u00e1 pr\u00e1vo vy\u017e\u00e1dat si zdarma 1 v\u00fdtisk OPS, platn\u00fdch ke dni uzav\u0159en\u00ed Smlouvy, na kter\u00e9koli pobo\u010dce zhotovitele.<\/p>\n\n\n\n<p class=\"wp-block-paragraph\"><strong>12.3.<\/strong>&nbsp;Ve\u0161ker\u00e9 smluvn\u00ed vztahy jsou uzav\u0159eny v souladu s pr\u00e1vn\u00edm \u0159\u00e1dem \u010cesk\u00e9 republiky. Je-li smluvn\u00ed stranou spot\u0159ebitel, \u0159\u00edd\u00ed se vztahy neupraven\u00e9 OPS Ob\u010dansk\u00fdm z\u00e1kon\u00edkem (\u010d. 89\/2012 Sb.) a Z\u00e1konem o ochran\u011b spot\u0159ebitele (\u010d. 634\/1992 Sb.). Je-li smluvn\u00ed stranou jin\u00fd subjekt, \u0159\u00edd\u00ed se vztahy neupraven\u00e9 OPS, v\u0161e ve zn\u011bn\u00ed novel.<\/p>\n\n\n\n<p class=\"wp-block-paragraph\"><strong>12.4.<\/strong>&nbsp;Dostane-li se n\u011bkter\u00fd \u010dl\u00e1nek Smlouvy nebo OPS zhotovitele vlivem novelizac\u00ed pr\u00e1vn\u00edch p\u0159edpis\u016f, anebo p\u0159ijet\u00edm nov\u00fdch pr\u00e1vn\u00edch p\u0159edpis\u016f do rozporu s pr\u00e1vn\u00edm \u0159\u00e1dem \u010cesk\u00e9 republiky, pak je platnost p\u0159\u00edslu\u0161n\u00e9ho \u010dl\u00e1nku ovlivn\u011bna aktu\u00e1ln\u00edm zn\u011bn\u00edm pr\u00e1vn\u00edho p\u0159edpisu a v rozsahu neplatnosti p\u0159\u00edslu\u0161n\u00e9ho ustanoven\u00ed m\u00e1 p\u0159ednost zn\u011bn\u00ed aktu\u00e1ln\u00edho pr\u00e1vn\u00edho p\u0159edpisu p\u0159ed Smlouvou a OPS. Zneplatn\u011bn\u00ed \u010d\u00e1sti smlouvy dle tohoto bodu nem\u00e1 vliv na platnost zb\u00fdvaj\u00edc\u00edch bod\u016f Smlouvy a OPS.<\/p>\n\n\n\n<p class=\"wp-block-paragraph\"><strong>Mobiln\u00ed sv\u011bt s.r.o \u2013 odpov\u011bdn\u00e1 osoba Stanislav Ehl<\/strong><\/p>\n\n\n\n<p class=\"wp-block-paragraph\"><strong>Provozovna: Chel\u010dick\u00e9ho 328\/18<\/strong><\/p>\n\n\n\n<p class=\"wp-block-paragraph\"><strong>50002 Hradec Kr\u00e1lov\u00e9<\/strong><br>I\u010c: 25992724<br>zaps\u00e1n v OR veden\u00e9m Krajsk\u00fdm soudem v Hradci Kr\u00e1lov\u00e9, odd\u00edl C, vlo\u017eka 18847, s\u00eddlo spole\u010dnosti je : Hradec Kr\u00e1lov\u00e9 50003, Lu\u010dn\u00ed 454\/4&nbsp;<\/p>\n\n\n\n<p class=\"wp-block-paragraph\"><strong><u>PRAVIDLA OCHRANY OSOBN\u00cdCH \u00daDAJ\u016e A ZAS\u00cdL\u00c1N\u00cd OBCHODN\u00cdCH SD\u011aLEN\u00cd<\/u><\/strong><\/p>\n\n\n\n<ol start=\"1\" class=\"wp-block-list\">\n<li>Ochrana osobn\u00edch \u00fadaj\u016f kupuj\u00edc\u00edho, kter\u00fd je fyzickou osobou, je poskytov\u00e1na v souladu s Na\u0159\u00edzen\u00edm (EU) 2016\/679 (Na\u0159\u00edzen\u00ed GDPR) a souvisej\u00edc\u00edmi pr\u00e1vn\u00edmi normami.<\/li>\n\n\n\n<li>Prod\u00e1vaj\u00edc\u00ed informuje kupuj\u00edc\u00edho, \u017ee za \u00fa\u010delem napln\u011bn\u00ed kupn\u00ed smlouvy a povinnost\u00ed vypl\u00fdvaj\u00edc\u00edch z&nbsp;da\u0148ov\u00fdch p\u0159edpis\u016f bude zpracov\u00e1vat osobn\u00ed \u00fadaje kupuj\u00edc\u00edho pouze po nezbytn\u011b dlouhou dobu, a to zejm\u00e9na: jm\u00e9no a p\u0159\u00edjmen\u00ed, adresa bydli\u0161t\u011b, adresa elektronick\u00e9 po\u0161ty, telefonn\u00ed \u010d\u00edslo (d\u00e1le spole\u010dn\u011b v\u0161e jen jako \u201eosobn\u00ed \u00fadaje\u201c).<\/li>\n\n\n\n<li>Pokud kupuj\u00edc\u00ed souhlasil se zpracov\u00e1n\u00edm osobn\u00edch \u00fadaj\u016f pro marketingov\u00e9 \u00fa\u010dely na dobu neur\u010ditou, bude prod\u00e1vaj\u00edc\u00ed uchov\u00e1vat osobn\u00ed \u00fadaje, a to jm\u00e9no a p\u0159\u00edjmen\u00ed, adresa bydli\u0161t\u011b, adresa elektronick\u00e9 po\u0161ty, telefonn\u00ed \u010d\u00edslo za \u00fa\u010delem zas\u00edl\u00e1n\u00ed marketingov\u00fdch sd\u011blen\u00ed.<\/li>\n\n\n\n<li>Pokud kupuj\u00edc\u00ed souhlasil se zpracov\u00e1n\u00edm osobn\u00edch \u00fadaj\u016f cookies pro \u00fa\u010dely marketingu, bude prod\u00e1vaj\u00edc\u00ed uchov\u00e1vat osobn\u00ed \u00fadaje, a to IP adresa a \u00fadaje o chov\u00e1n\u00ed kupuj\u00edc\u00ed v&nbsp;s\u00edti internetu za \u00fa\u010delem optimalizace reklamn\u00edch sd\u011blen\u00ed. Bli\u017e\u0161\u00ed informace jsou uvedeny v&nbsp;souhlasu s&nbsp;povolen\u00edm cookies na webov\u00e9 str\u00e1nce prod\u00e1vaj\u00edc\u00edho.<\/li>\n\n\n\n<li>Prod\u00e1vaj\u00edc\u00ed informuje kupuj\u00edc\u00edho, \u017ee m\u016f\u017ee prod\u00e1vaj\u00edc\u00edho (resp. Spr\u00e1vce osobn\u00edch \u00fadaj\u016f) po\u017e\u00e1dat o opravu osobn\u00edch \u00fadaj\u016f a jejich dopln\u011bn\u00ed, omezen\u00ed zpracov\u00e1n\u00ed osobn\u00edch a vymaz\u00e1n\u00ed osobn\u00edch \u00fadaj\u016f. D\u00e1le m\u00e1 t\u00e9\u017e kupuj\u00edc\u00ed pr\u00e1vo vzn\u00e9st n\u00e1mitku proti zpracov\u00e1n\u00ed, jako\u017e i pr\u00e1vo na p\u0159enositelnost osobn\u00edch \u00fadaj\u016f. V p\u0159\u00edpad\u011b, \u017ee kupuj\u00edc\u00ed souhlasil se zpracov\u00e1n\u00edm osobn\u00edch \u00fadaj\u016f na z\u00e1klad\u011b dobrovoln\u00e9ho souhlasu za \u00fa\u010delem zas\u00edl\u00e1n\u00ed marketingov\u00fdch sd\u011blen\u00ed a zpracov\u00e1n\u00edm osobn\u00edch \u00fadaj\u016f cookies, m\u00e1 kupuj\u00edc\u00ed pr\u00e1vo odvolat kdykoli tento sv\u016fj souhlas, ani\u017e je t\u00edm dot\u010dena z\u00e1konnost zpracov\u00e1n\u00ed dan\u00e9ho osobn\u00edho \u00fadaje zalo\u017een\u00e1 na souhlasu ud\u011blen\u00e9m p\u0159ed jeho odvol\u00e1n\u00edm.<\/li>\n\n\n\n<li>Zpracov\u00e1n\u00edm osobn\u00edch \u00fadaj\u016f kupuj\u00edc\u00edho m\u016f\u017ee prod\u00e1vaj\u00edc\u00ed pov\u011b\u0159it t\u0159et\u00ed osobu, jako\u017eto zpracovatele. Prod\u00e1vaj\u00edc\u00ed informuje, \u017ee osobn\u00ed \u00fadaje bez souhlasu kupuj\u00edc\u00edho p\u0159ed\u00e1v\u00e1 zejm\u00e9na za \u00fa\u010delem pln\u011bn\u00ed smlouvy spedi\u010dn\u00edm partner\u016fm dopravuj\u00edc\u00edm zbo\u017e\u00ed a org\u00e1n\u016fm st\u00e1tu na z\u00e1klad\u011b z\u00e1konn\u00e9 povinnosti \u010di rozhodnut\u00ed st\u00e1tn\u00edho org\u00e1nu.<\/li>\n\n\n\n<li>Kupuj\u00edc\u00ed je opr\u00e1vn\u011bn se dot\u00e1zat jak a kdy bylo s&nbsp;jeho osobn\u00edmi \u00fadaji nakl\u00e1d\u00e1no.<\/li>\n\n\n\n<li>Prod\u00e1vaj\u00edc\u00ed informuje kupuj\u00edc\u00edho, \u017ee dozorov\u00fdm org\u00e1nem, pokud se t\u00fdk\u00e1 nakl\u00e1d\u00e1n\u00ed s&nbsp;osobn\u00edmi \u00fadaji je \u00da\u0159ad pro ochranu osobn\u00edch \u00fadaj\u016f,&nbsp;<a href=\"http:\/\/www.uoou.cz\/\">www.uoou.cz<\/a>&nbsp;. V&nbsp;p\u0159\u00edpad\u011b, \u017ee je kupuj\u00edc\u00ed p\u0159esv\u011bd\u010den o po\u0161kozen\u00ed jeho pr\u00e1v v&nbsp;souvislosti poru\u0161en\u00edm pr\u00e1vn\u00edch p\u0159edpis\u016f upravuj\u00edc\u00edch nakl\u00e1d\u00e1n\u00ed s&nbsp;osobn\u00edmi \u00fadaji, m\u016f\u017ee podat st\u00ed\u017enost dozorov\u00e9mu org\u00e1nu.<\/li>\n\n\n\n<li>Prod\u00e1vaj\u00edc\u00ed, obchodn\u00ed spole\u010dnost Mobiln\u00ed sv\u011bt s.r.o, I\u010c:25992724, s\u00eddlem Hradec Kr\u00e1lov\u00e9, Lu\u010dn\u00ed 454\/, PS\u010c: 50003, je spr\u00e1vce osobn\u00edch \u00fadaj\u016f, kontaktn\u00ed \u00fadaje<\/li>\n<\/ol>\n\n\n\n<p class=\"wp-block-paragraph\">\u2013&nbsp;&nbsp;&nbsp;&nbsp;&nbsp;&nbsp;&nbsp; Koresponden\u010dn\u00ed adresa \u2026\u2026\u2026\u2026\u2026\u2026\u2026\u2026\u2026\u2026\u2026\u2026\u2026\u2026\u2026\u2026\u2026\u2026\u2026\u2026.<\/p>\n\n\n\n<p class=\"wp-block-paragraph\">\u2013&nbsp;&nbsp;&nbsp;&nbsp;&nbsp;&nbsp;&nbsp; Emailov\u00e1 adresa \u2026\u2026.@\u2026\u2026\u2026\u2026\u2026.cz<\/p>\n\n\n\n<p class=\"wp-block-paragraph\">\u2013 &nbsp; &nbsp; &nbsp;&nbsp; Telefonn\u00ed \u010d\u00edslo<\/p>\n\n\n\n<p class=\"wp-block-paragraph\">\u2013&nbsp;&nbsp;&nbsp;&nbsp;&nbsp;&nbsp;&nbsp; Za spr\u00e1vce osobn\u00edch \u00fadaj\u016f jedn\u00e1 ve v\u011bci zpracov\u00e1n\u00ed osobn\u00edch \u00fadaj\u016f z\u00e1stupce \u2026\u2026\u2026\u2026\u2026\u2026\u2026&nbsp;<em>ZPRAVIDLA JEDNATEL<\/em><\/p>\n\n\n\n<p class=\"wp-block-paragraph\"><strong><u>Informa\u010dn\u00ed povinnost p\u0159i vzniku sporu<\/u><\/strong><\/p>\n\n\n\n<p class=\"wp-block-paragraph\">Podle \u00a7 14 odst. (2) ZOS \u201e<em>v p\u0159\u00edpad\u011b sporu mezi spot\u0159ebitelem a prod\u00e1vaj\u00edc\u00edm, kter\u00fd se nepoda\u0159ilo mezi stranami urovnat p\u0159\u00edmo, poskytne prod\u00e1vaj\u00edc\u00ed spot\u0159ebiteli informace uveden\u00e9 v odstavci 1 v listinn\u00e9 podob\u011b nebo na jin\u00e9m trval\u00e9m nosi\u010di dat<\/em>.\u201c<\/p>\n\n\n\n<p class=\"wp-block-paragraph\">Trval\u00fdm nosi\u010dem dat je jak\u00fdkoli n\u00e1stroj, kter\u00fd umo\u017e\u0148uje spot\u0159ebiteli nebo obchodn\u00edkovi ukl\u00e1dat informace ur\u010den\u00e9 jemu osobn\u011b, a to zp\u016fsobem vhodn\u00fdm pro jejich budouc\u00ed pou\u017eit\u00ed, po dobu p\u0159im\u011b\u0159enou jejich \u00fa\u010delu, a kter\u00fd umo\u017e\u0148uje reprodukci ulo\u017een\u00fdch informac\u00ed v nezm\u011bn\u011bn\u00e9m stavu. V praxi se bude jednat p\u0159edev\u0161\u00edm o elektronickou po\u0161tu.<\/p>\n\n\n\n<p class=\"wp-block-paragraph\">\u201eV p\u0159\u00edpad\u011b, \u017ee dojde mezi n\u00e1mi a spot\u0159ebitelem ke vzniku spot\u0159ebitelsk\u00e9ho sporu z kupn\u00ed smlouvy nebo ze smlouvy o poskytov\u00e1n\u00ed slu\u017eeb, kter\u00fd se nepoda\u0159\u00ed vy\u0159e\u0161it vz\u00e1jemnou dohodou, m\u016f\u017ee spot\u0159ebitel podat n\u00e1vrh na mimosoudn\u00ed \u0159e\u0161en\u00ed takov\u00e9ho sporu ur\u010den\u00e9mu subjektu mimosoudn\u00edho \u0159e\u0161en\u00ed spot\u0159ebitelsk\u00fdch spor\u016f, kter\u00fdm je<\/p>\n\n\n\n<p class=\"wp-block-paragraph\"><strong>\u010cesk\u00e1 obchodn\u00ed inspekce<\/strong><br><em>\u00dast\u0159edn\u00ed inspektor\u00e1t \u2013 odd\u011blen\u00ed ADR<\/em><br>Gorazdova 1969\/24<br>120 00 Praha 2 \u2013 Nov\u00e9 M\u011bsto<\/p>\n\n\n\n<p class=\"wp-block-paragraph\">Email:&nbsp;<a href=\"https:\/\/www.coi.cz\/pro-podnikatele\/informace-pro-prodejce-zbozi-a-sluzeb\/mimosoudni-reseni-spotrebitelskych-sporu-adr\/\">adr@coi.cz<\/a><br>Web:&nbsp;<a href=\"https:\/\/www.coi.cz\/informace-o-adr\/\" target=\"_blank\" rel=\"noreferrer noopener\">adr.coi.cz<\/a><\/p>\n","protected":false},"excerpt":{"rendered":"<p>Mobiln\u00ed sv\u011bt s.r.o. Provozovna: Chel\u010dick\u00e9ho 328\/18,50002 Hradec Kr\u00e1lov\u00e9, I\u010c: 25992724zaps\u00e1n v OR veden\u00e9m Krajsk\u00fdm soudem v Hradci Kr\u00e1lov\u00e9, odd\u00edl C, vlo\u017eka 18847, s\u00eddlo spole\u010dnosti: Hradec Kr\u00e1lov\u00e9 50003, Lu\u010dn\u00ed 454\/4\u00a0 Upozor\u0148ujeme, \u017ee nejsme e-shop, zbo\u017e\u00ed \u010di d\u00edly si lze vyzvednout pouze na prodejn\u011b. Obchodn\u00ed podm\u00ednky 2502 obchodn\u00ed podm\u00ednky se pln\u011b \u0159\u00edd\u00ed platn\u00fdm zn\u011bn\u00edm ob\u010dansk\u00e9ho z\u00e1kon\u00edku, pokud [&hellip;]<\/p>\n","protected":false},"author":1,"featured_media":0,"parent":0,"menu_order":0,"comment_status":"closed","ping_status":"closed","template":"","meta":{"_acf_changed":false,"_crdt_document":"","footnotes":""},"class_list":["post-598","page","type-page","status-publish","hentry"],"acf":[],"_links":{"self":[{"href":"https:\/\/www.mobilnisvetsro.cz\/home\/wp-json\/wp\/v2\/pages\/598","targetHints":{"allow":["GET"]}}],"collection":[{"href":"https:\/\/www.mobilnisvetsro.cz\/home\/wp-json\/wp\/v2\/pages"}],"about":[{"href":"https:\/\/www.mobilnisvetsro.cz\/home\/wp-json\/wp\/v2\/types\/page"}],"author":[{"embeddable":true,"href":"https:\/\/www.mobilnisvetsro.cz\/home\/wp-json\/wp\/v2\/users\/1"}],"replies":[{"embeddable":true,"href":"https:\/\/www.mobilnisvetsro.cz\/home\/wp-json\/wp\/v2\/comments?post=598"}],"version-history":[{"count":29,"href":"https:\/\/www.mobilnisvetsro.cz\/home\/wp-json\/wp\/v2\/pages\/598\/revisions"}],"predecessor-version":[{"id":10491,"href":"https:\/\/www.mobilnisvetsro.cz\/home\/wp-json\/wp\/v2\/pages\/598\/revisions\/10491"}],"wp:attachment":[{"href":"https:\/\/www.mobilnisvetsro.cz\/home\/wp-json\/wp\/v2\/media?parent=598"}],"curies":[{"name":"wp","href":"https:\/\/api.w.org\/{rel}","templated":true}]}}